{"id":245053,"date":"2022-12-03T00:59:31","date_gmt":"2022-12-02T23:59:31","guid":{"rendered":"https:\/\/app.slowfoodwaldviertel.at\/?page_id=245053"},"modified":"2025-01-02T18:20:36","modified_gmt":"2025-01-02T17:20:36","slug":"impressum","status":"publish","type":"page","link":"https:\/\/app.slowfoodwaldviertel.at\/cs\/info\/otisk\/","title":{"rendered":"Impresum"},"content":{"rendered":"<p>[et_pb_section fb_built=&#8220;1&#8243; _builder_version=&#8220;4.19.0&#8243; _module_preset=&#8220;default&#8220; global_colors_info=&#8220;{}&#8220;][et_pb_row _builder_version=&#8220;4.19.0&#8243; _module_preset=&#8220;default&#8220; global_colors_info=&#8220;{}&#8220;][et_pb_column type=&#8220;4_4&#8243; _builder_version=&#8220;4.19.0&#8243; _module_preset=&#8220;default&#8220; global_colors_info=&#8220;{}&#8220;][et_pb_text _builder_version=&#8220;4.19.0&#8243; _module_preset=&#8220;default&#8220; global_colors_info=&#8220;{}&#8220;]<\/p>\n<h1><strong>Impresum<\/strong><\/h1>\n<p>[\/et_pb_text][et_pb_text _builder_version=&#8220;4.27.2&#8243; vertical_offset_tablet=&#8220;0&#8243; horizontal_offset_tablet=&#8220;0&#8243; z_index_tablet=&#8220;0&#8243; text_text_shadow_horizontal_length_tablet=&#8220;0px&#8220; text_text_shadow_vertical_length_tablet=&#8220;0px&#8220; text_text_shadow_blur_strength_tablet=&#8220;1px&#8220; link_text_shadow_horizontal_length_tablet=&#8220;0px&#8220; link_text_shadow_vertical_length_tablet=&#8220;0px&#8220; link_text_shadow_blur_strength_tablet=&#8220;1px&#8220; ul_text_shadow_horizontal_length_tablet=&#8220;0px&#8220; ul_text_shadow_vertical_length_tablet=&#8220;0px&#8220; ul_text_shadow_blur_strength_tablet=&#8220;1px&#8220; ol_text_shadow_horizontal_length_tablet=&#8220;0px&#8220; ol_text_shadow_vertical_length_tablet=&#8220;0px&#8220; ol_text_shadow_blur_strength_tablet=&#8220;1px&#8220; quote_text_shadow_horizontal_length_tablet=&#8220;0px&#8220; quote_text_shadow_vertical_length_tablet=&#8220;0px&#8220; quote_text_shadow_blur_strength_tablet=&#8220;1px&#8220; header_text_shadow_horizontal_length_tablet=&#8220;0px&#8220; header_text_shadow_vertical_length_tablet=&#8220;0px&#8220; header_text_shadow_blur_strength_tablet=&#8220;1px&#8220; header_2_text_shadow_horizontal_length_tablet=&#8220;0px&#8220; header_2_text_shadow_vertical_length_tablet=&#8220;0px&#8220; header_2_text_shadow_blur_strength_tablet=&#8220;1px&#8220; header_3_text_shadow_horizontal_length_tablet=&#8220;0px&#8220; header_3_text_shadow_vertical_length_tablet=&#8220;0px&#8220; header_3_text_shadow_blur_strength_tablet=&#8220;1px&#8220; header_4_text_shadow_horizontal_length_tablet=&#8220;0px&#8220; header_4_text_shadow_vertical_length_tablet=&#8220;0px&#8220; header_4_text_shadow_blur_strength_tablet=&#8220;1px&#8220; header_5_text_shadow_horizontal_length_tablet=&#8220;0px&#8220; header_5_text_shadow_vertical_length_tablet=&#8220;0px&#8220; header_5_text_shadow_blur_strength_tablet=&#8220;1px&#8220; header_6_text_shadow_horizontal_length_tablet=&#8220;0px&#8220; header_6_text_shadow_vertical_length_tablet=&#8220;0px&#8220; header_6_text_shadow_blur_strength_tablet=&#8220;1px&#8220; box_shadow_horizontal_tablet=&#8220;0px&#8220; box_shadow_vertical_tablet=&#8220;0px&#8220; box_shadow_blur_tablet=&#8220;40px&#8220; box_shadow_spread_tablet=&#8220;0px&#8220; locked=&#8220;off&#8220; global_colors_info=&#8220;{}&#8220;]<\/p>\n<h4>Odpov\u011bdnost za obsah:<\/h4>\n<p>Slow Food Waldviertel<br \/>Johann Steiner Street 7<br \/>3580 Horn<\/p>\n<h4>Zastoupen\u00fd p\u0159edsedou:<\/h4>\n<p>Helmut Hundlinger\u00a0<br \/>+43 676 6228111<br \/><a href=\"mailto:helmut@hundlinger.at\">helmut@hundlinger.at<\/a>\u00a0<\/p>\n<h4>\u010c\u00edslo ZVR:<\/h4>\n<p>649815976<\/p>\n<p>[\/et_pb_text][\/et_pb_column][\/et_pb_row][\/et_pb_section][et_pb_section fb_built=&#8220;1&#8243; disabled_on=&#8220;off|off|off&#8220; _builder_version=&#8220;4.16&#8243; locked=&#8220;off&#8220; global_colors_info=&#8220;{}&#8220;][et_pb_row _builder_version=&#8220;4.16&#8243; background_size=&#8220;initial&#8220; background_position=&#8220;top_left&#8220; background_repeat=&#8220;repeat&#8220; global_colors_info=&#8220;{}&#8220;][et_pb_column type=&#8220;4_4&#8243; _builder_version=&#8220;4.16&#8243; custom_padding=&#8220;|||&#8220; global_colors_info=&#8220;{}&#8220; custom_padding__hover=&#8220;|||&#8220;][et_pb_text _builder_version=&#8220;4.27.2&#8243; _module_preset=&#8220;default&#8220; global_colors_info=&#8220;{}&#8220;]<\/p>\n<div id=\"c724\" class=\"text oh-typo\">\n<div class=\"text-inner\">\n<h3>Odm\u00edtnut\u00ed odpov\u011bdnosti<\/h3>\n<p>Ve\u0161ker\u00e9 informace jsou poskytov\u00e1ny v dobr\u00e9 v\u00ed\u0159e, ale bez z\u00e1ruky. Informace uveden\u00e9 na t\u011bchto webov\u00fdch str\u00e1nk\u00e1ch nab\u00edz\u00ed spole\u010dnost Slow Food Waldviertel bez jak\u00e9koli z\u00e1ruky. I kdy\u017e p\u0159edpokl\u00e1d\u00e1me, \u017ee n\u00e1mi poskytovan\u00e9 informace jsou p\u0159esn\u00e9, mohou obsahovat chyby nebo nep\u0159esnosti.<\/p>\n<h3>Autorsk\u00e1 pr\u00e1va<\/h3>\n<p>Copyright Slow Food Waldviertel - v\u0161echna pr\u00e1va vyhrazena. Obsah nab\u00edzen\u00fd na t\u011bchto webov\u00fdch str\u00e1nk\u00e1ch je - pokud nen\u00ed uvedeno jinak - du\u0161evn\u00edm vlastnictv\u00edm spole\u010dnosti Slow Food Waldviertel a podl\u00e9h\u00e1 autorsk\u00fdm pr\u00e1v\u016fm. K pou\u017eit\u00ed pro komer\u010dn\u00ed \u00fa\u010dely, \u0161kolen\u00ed, reprodukci nebo pou\u017eit\u00ed na jin\u00fdch webov\u00fdch str\u00e1nk\u00e1ch je nutn\u00fd n\u00e1\u0161 v\u00fdslovn\u00fd p\u00edsemn\u00fd souhlas.<\/p>\n<p>Pokud pou\u017e\u00edv\u00e1te informace, ujist\u011bte se p\u0159edem, \u017ee jsou v\u0161echny informace a odkazy spr\u00e1vn\u00e9. V\u0161echny odkazy na t\u011bchto webov\u00fdch str\u00e1nk\u00e1ch jsou n\u00e1mi kontrolov\u00e1ny. Slow Food Waldviertel v\u0161ak nem\u016f\u017ee vylou\u010dit, \u017ee se obsah odkazovan\u00fdch webov\u00fdch str\u00e1nek m\u016f\u017ee zm\u011bnit nebo \u017ee m\u016f\u017ee b\u00fdt p\u0159\u00edslu\u0161n\u00fdm provozovatelem zcela odstran\u011bn.<\/p>\n<h3>D\u016fle\u017eit\u00e1 pozn\u00e1mka<\/h3>\n<p>\"Slow Food\" a logo \u0161neka jsou registrovan\u00e9 ochrann\u00e9 zn\u00e1mky Slow Food International v Bra (Cuneo) a v Rakousku mohou b\u00fdt pou\u017e\u00edv\u00e1ny pouze se souhlasem Slow Food Austria nebo spole\u010denstv\u00ed convivia a Slow Food s p\u0159\u00edvlastkem.<\/p>\n<p>Pokud se osobn\u00ed ozna\u010den\u00ed v obsahu pou\u017e\u00edvaj\u00ed pouze v mu\u017esk\u00e9m rod\u011b, ozna\u010duj\u00ed \u017eeny i mu\u017ee stejn\u011b.<\/p>\n<p>Koncepce a kreativn\u00ed veden\u00ed:\u00a0<a href=\"https:\/\/www.weareferment.com\/\" target=\"_blank\" rel=\"noopener noreferrer\">Ferment\/ Daniela Wiebogen<\/a><br \/>Design:\u00a0<a href=\"https:\/\/www.bildundsprache.com\/\" target=\"_blank\" rel=\"noopener noreferrer\">Kancel\u00e1\u0159sk\u00e1 kapela<\/a><br \/>Fotografie:\u00a0<a href=\"https:\/\/www.butter-salt.com\/\" target=\"_blank\" rel=\"noopener noreferrer\">M\u00e1slo a s\u016fl\/ Mara Hohla<\/a><br \/>Texty:\u00a0<a href=\"https:\/\/www.weareferment.com\/\" target=\"_blank\" rel=\"noopener noreferrer\">Ferment\/ Daniela Wiebogen<\/a><\/p>\n<\/div>\n<\/div>\n<footer><\/footer>\n<p>[\/et_pb_text][et_pb_code disabled_on=&#8220;on|on|on&#8220; _builder_version=&#8220;4.19.0&#8243; vertical_offset_tablet=&#8220;0&#8243; horizontal_offset_tablet=&#8220;0&#8243; z_index_tablet=&#8220;0&#8243; box_shadow_horizontal_tablet=&#8220;0px&#8220; box_shadow_vertical_tablet=&#8220;0px&#8220; box_shadow_blur_tablet=&#8220;40px&#8220; box_shadow_spread_tablet=&#8220;0px&#8220; disabled=&#8220;on&#8220; global_colors_info=&#8220;{}&#8220;][\/et_pb_code][et_pb_divider _builder_version=&#8220;4.27.2&#8243; _module_preset=&#8220;default&#8220; show_divider=&#8220;off&#8220; min_height=&#8220;100px&#8220; hover_enabled=&#8220;0&#8243; sticky_enabled=&#8220;0&#8243;][\/et_pb_divider][\/et_pb_column][\/et_pb_row][\/et_pb_section]<\/p>","protected":false},"excerpt":{"rendered":"<p>ImpressumVerantwortlich f\u00fcr den Inhalt: Slow Food WaldviertelJohann Steiner Stra\u00dfe\u00a073580 Horn Vertreten durch den Obmann: Helmut Hundlinger\u00a0+43 676 6228111helmut@hundlinger.at\u00a0 ZVR-Nummer: 649815976 Haftungsausschluss Alle Angaben nach bestem Gewissen aber ohne Gew\u00e4hr. Die auf dieser Website angebotenen Informationen bietet Slow Food Waldviertel ohne jegliche Zusicherung oder Gew\u00e4hrleistung an. Auch wenn wir davon ausgehen, dass die von uns gegebenen [&hellip;]<\/p>","protected":false},"author":7,"featured_media":0,"parent":244122,"menu_order":0,"comment_status":"closed","ping_status":"closed","template":"","meta":{"_acf_changed":false,"_et_pb_use_builder":"on","_et_pb_old_content":"","_et_gb_content_width":"","footnotes":""},"difl_page_category":[],"class_list":["post-245053","page","type-page","status-publish","hentry"],"acf":[],"_links":{"self":[{"href":"https:\/\/app.slowfoodwaldviertel.at\/cs\/wp-json\/wp\/v2\/pages\/245053","targetHints":{"allow":["GET"]}}],"collection":[{"href":"https:\/\/app.slowfoodwaldviertel.at\/cs\/wp-json\/wp\/v2\/pages"}],"about":[{"href":"https:\/\/app.slowfoodwaldviertel.at\/cs\/wp-json\/wp\/v2\/types\/page"}],"author":[{"embeddable":true,"href":"https:\/\/app.slowfoodwaldviertel.at\/cs\/wp-json\/wp\/v2\/users\/7"}],"replies":[{"embeddable":true,"href":"https:\/\/app.slowfoodwaldviertel.at\/cs\/wp-json\/wp\/v2\/comments?post=245053"}],"version-history":[{"count":8,"href":"https:\/\/app.slowfoodwaldviertel.at\/cs\/wp-json\/wp\/v2\/pages\/245053\/revisions"}],"predecessor-version":[{"id":247250,"href":"https:\/\/app.slowfoodwaldviertel.at\/cs\/wp-json\/wp\/v2\/pages\/245053\/revisions\/247250"}],"up":[{"embeddable":true,"href":"https:\/\/app.slowfoodwaldviertel.at\/cs\/wp-json\/wp\/v2\/pages\/244122"}],"wp:attachment":[{"href":"https:\/\/app.slowfoodwaldviertel.at\/cs\/wp-json\/wp\/v2\/media?parent=245053"}],"wp:term":[{"taxonomy":"difl_page_category","embeddable":true,"href":"https:\/\/app.slowfoodwaldviertel.at\/cs\/wp-json\/wp\/v2\/difl_page_category?post=245053"}],"curies":[{"name":"wp","href":"https:\/\/api.w.org\/{rel}","templated":true}]}}